{"id":1880,"date":"2020-11-19T15:48:25","date_gmt":"2020-11-19T14:48:25","guid":{"rendered":"https:\/\/personalkontakter.de\/zaproszenie-do-skladania-wnioskow"},"modified":"2020-11-19T15:48:25","modified_gmt":"2020-11-19T14:48:25","slug":"zaproszenie-do-skladania-wnioskow","status":"publish","type":"page","link":"https:\/\/www.personalkontakter.de\/pl\/zaproszenie-do-skladania-wnioskow\/","title":{"rendered":"Zaproszenie do sk\u0142adania wniosk\u00f3w"},"content":{"rendered":"<p>[et_pb_section fb_built=&#8221;1&#8243; _builder_version=&#8221;3.29.3&#8243; custom_padding=&#8221;0px||0px||false|false&#8221; fb_built=&#8221;1&#8243; _i=&#8221;0&#8243; _address=&#8221;0&#8243;][et_pb_row _builder_version=&#8221;3.25&#8243; background_size=&#8221;initial&#8221; background_position=&#8221;top_left&#8221; background_repeat=&#8221;repeat&#8221; _i=&#8221;0&#8243; _address=&#8221;0.0&#8243;][et_pb_column type=&#8221;4_4&#8243; _builder_version=&#8221;3.25&#8243; custom_padding=&#8221;|||&#8221; _i=&#8221;0&#8243; _address=&#8221;0.0.0&#8243; custom_padding__hover=&#8221;|||&#8221;][et_pb_text admin_label=&#8221;Title&#8221; _builder_version=&#8221;3.29.3&#8243; _i=&#8221;0&#8243; _address=&#8221;0.0.0.0&#8243;]<\/p>\n<h1>Zaproszenie do sk\u0142adania wniosk\u00f3w<\/h1>\n<p>[\/et_pb_text][dimp_invitation_form cf_id=&#8221;1862&#8243; module_class=&#8221;contact-form-input-container&#8221; _builder_version=&#8221;3.29.3&#8243; hover_enabled=&#8221;0&#8243; _i=&#8221;1&#8243; _address=&#8221;0.0.0.1&#8243;][\/dimp_invitation_form][\/et_pb_column][\/et_pb_row][\/et_pb_section]<\/p>\n","protected":false},"excerpt":{"rendered":"<p>Zaproszenie do sk\u0142adania wniosk\u00f3w<div class=\"et_pb_module dimp_invitation_form dimp_invitation_form_0 contact-form-input-container\">\n\t\t\t\t\n\t\t\t\t\n\t\t\t\t\n\t\t\t\t\n\t\t\t\t\n\t\t\t\t\n\t\t\t\t<div class=\"et_pb_module_inner\">\n\t\t\t\t\t    <div class=\"mws-prosoft\">\n        \n<div class=\"wpcf7 no-js\" id=\"wpcf7-f1890-o1\" lang=\"pl-PL\" dir=\"ltr\" data-wpcf7-id=\"1890\">\n<div class=\"screen-reader-response\"><p role=\"status\" aria-live=\"polite\" aria-atomic=\"true\"><\/p> <ul><\/ul><\/div>\n<form action=\"\/pl\/wp-json\/wp\/v2\/pages\/1880#wpcf7-f1890-o1\" method=\"post\" class=\"wpcf7-form init\" aria-label=\"Formularz kontaktowy\" novalidate=\"novalidate\" data-status=\"init\">\n<fieldset class=\"hidden-fields-container\"><input type=\"hidden\" name=\"_wpcf7\" value=\"1890\" \/><input type=\"hidden\" name=\"_wpcf7_version\" value=\"6.1.5\" \/><input type=\"hidden\" name=\"_wpcf7_locale\" value=\"pl_PL\" \/><input type=\"hidden\" name=\"_wpcf7_unit_tag\" value=\"wpcf7-f1890-o1\" \/><input type=\"hidden\" name=\"_wpcf7_container_post\" value=\"0\" \/><input type=\"hidden\" name=\"_wpcf7_posted_data_hash\" value=\"\" \/>\n<\/fieldset>\n<input class=\"wpcf7-form-control wpcf7-hidden\" value=\"yes\" type=\"hidden\" name=\"prosoft-send-invitation\" \/>\n<input class=\"wpcf7-form-control wpcf7-hidden\" value=\"\" type=\"hidden\" name=\"Anrede\" \/>\n<input class=\"wpcf7-form-control wpcf7-hidden\" value=\"\" type=\"hidden\" name=\"Vorname\" \/>\n<input class=\"wpcf7-form-control wpcf7-hidden\" value=\"\" type=\"hidden\" name=\"Nachname\" \/>\n<input class=\"wpcf7-form-control wpcf7-hidden\" value=\"\" type=\"hidden\" name=\"Telefon\" \/>\n<input class=\"wpcf7-form-control wpcf7-hidden\" value=\"\" type=\"hidden\" name=\"Mobil\" \/>\n<input class=\"wpcf7-form-control wpcf7-hidden\" value=\"\" type=\"hidden\" name=\"BaseUrl\" \/>\n<input class=\"wpcf7-form-control wpcf7-hidden\" value=\"\" type=\"hidden\" name=\"Code\" \/>\n<input class=\"wpcf7-form-control wpcf7-hidden\" value=\"\" type=\"hidden\" name=\"Footer\" \/>\n<p><label>E-mail kandydata <span class=\"wpcf7-form-control-wrap\" data-name=\"Email\"><input size=\"40\" maxlength=\"400\" class=\"wpcf7-form-control wpcf7-email wpcf7-validates-as-required wpcf7-text wpcf7-validates-as-email\" aria-required=\"true\" aria-invalid=\"false\" value=\"\" type=\"email\" name=\"Email\" \/><\/span> <\/label><br \/>\n<input class=\"wpcf7-form-control wpcf7-submit has-spinner\" type=\"submit\" value=\"Zatwierd\u017a\" \/>\n<\/p><div class=\"wpcf7-response-output\" aria-hidden=\"true\"><\/div>\n<\/form>\n<\/div>\n    <\/div>\n    <script src=\"https:\/\/www.personalkontakter.de\/wp-content\/plugins\/_mws-prosoft\/app\/lib\/cleave.js\/cleave.min.js\"><\/script>\n    <script src=\"https:\/\/www.personalkontakter.de\/wp-content\/plugins\/_mws-prosoft\/app\/lib\/cleave.js\/addons\/cleave-phone.i18n.js\"><\/script>\n    <script src=\"https:\/\/www.personalkontakter.de\/wp-content\/plugins\/_mws-prosoft\/app\/lib\/inputmask\/inputmask.min.js\"><\/script>\n    <script src=\"https:\/\/www.personalkontakter.de\/wp-content\/plugins\/_mws-prosoft\/app\/lib\/inputmask\/jquery.inputmask.min.js\"><\/script>\n    <script src=\"https:\/\/www.personalkontakter.de\/wp-content\/plugins\/_mws-prosoft\/app\/lib\/inputmask\/inputmask.date.extensions.min.js\"><\/script>\n    <script>\n      ($ => {\n        \/\/ Inbound data\n        const anreden = JSON.parse(`[{\"Bezeichnung\":\"Pan\",\"ObjectUuid\":\"b8d63db8-094d-4e06-b988-1c8c5d3ce89b\"},{\"Bezeichnung\":\"Pani\",\"ObjectUuid\":\"128faa85-1bdb-42db-a7ad-ae81ec56b522\"},{\"Bezeichnung\":\"Neutral\",\"ObjectUuid\":\"a631b35f-470c-42d3-b212-41cb0d2362fc\"}]`);\n        \/\/ Form fields\n        const formFields = JSON.parse('[{\"name\":\"prosoft-send-invitation\",\"field_type\":false},{\"name\":\"Anrede\",\"field_type\":false},{\"name\":\"Vorname\",\"field_type\":false},{\"name\":\"Nachname\",\"field_type\":false},{\"name\":\"Telefon\",\"field_type\":false},{\"name\":\"Mobil\",\"field_type\":false},{\"name\":\"BaseUrl\",\"field_type\":false},{\"name\":\"Code\",\"field_type\":false},{\"name\":\"Footer\",\"field_type\":false},{\"name\":\"Email\",\"field_type\":false},{\"name\":\"\",\"field_type\":false}]');\n\n        const eRoot = $('.mws-prosoft');\n      })(jQuery);\n    <\/script>\n\n\t\t\t\t<\/div>\n\t\t\t<\/div><\/p>\n","protected":false},"author":3,"featured_media":0,"parent":0,"menu_order":0,"comment_status":"closed","ping_status":"closed","template":"templates\/page-template-top-header.php","meta":{"_et_pb_use_builder":"on","_et_pb_old_content":"","_et_gb_content_width":"","footnotes":""},"class_list":["post-1880","page","type-page","status-publish","hentry"],"yoast_head":"<!-- This site is optimized with the Yoast SEO plugin v27.5 - https:\/\/yoast.com\/product\/yoast-seo-wordpress\/ -->\n<title>Zaproszenie do sk\u0142adania wniosk\u00f3w - Der Personalkontakter<\/title>\n<meta name=\"description\" content=\"Zaproszenie do sk\u0142adania wniosk\u00f3w - Professionelle Agentur f\u00fcr Zeitarbeit in Augsburg \u2714 Wir finden ihr Personal!\" \/>\n<meta name=\"robots\" content=\"index, follow, max-snippet:-1, max-image-preview:large, max-video-preview:-1\" \/>\n<link rel=\"canonical\" href=\"https:\/\/www.personalkontakter.de\/invite\/\" \/>\n<meta property=\"og:locale\" content=\"pl_PL\" \/>\n<meta property=\"og:type\" content=\"article\" \/>\n<meta property=\"og:title\" content=\"Zaproszenie do sk\u0142adania wniosk\u00f3w - Der Personalkontakter\" \/>\n<meta property=\"og:description\" content=\"Zaproszenie do sk\u0142adania wniosk\u00f3w - Professionelle Agentur f\u00fcr Zeitarbeit in Augsburg \u2714 Wir finden ihr Personal!\" \/>\n<meta property=\"og:url\" content=\"https:\/\/www.personalkontakter.de\/invite\/\" \/>\n<meta property=\"og:site_name\" content=\"Der Personalkontakter\" \/>\n<meta property=\"article:publisher\" content=\"http:\/\/www.personalkontaker.de\" \/>\n<meta name=\"twitter:card\" content=\"summary_large_image\" \/>\n<script type=\"application\/ld+json\" class=\"yoast-schema-graph\">{\"@context\":\"https:\\\/\\\/schema.org\",\"@graph\":[{\"@type\":\"WebPage\",\"@id\":\"https:\\\/\\\/www.personalkontakter.de\\\/invite\\\/\",\"url\":\"https:\\\/\\\/www.personalkontakter.de\\\/invite\\\/\",\"name\":\"Zaproszenie do sk\u0142adania wniosk\u00f3w - Der Personalkontakter\",\"isPartOf\":{\"@id\":\"https:\\\/\\\/www.personalkontakter.de\\\/pl\\\/#website\"},\"datePublished\":\"2020-11-19T14:48:25+00:00\",\"description\":\"Zaproszenie do sk\u0142adania wniosk\u00f3w - Professionelle Agentur f\u00fcr Zeitarbeit in Augsburg \u2714 Wir finden ihr Personal!\",\"breadcrumb\":{\"@id\":\"https:\\\/\\\/www.personalkontakter.de\\\/invite\\\/#breadcrumb\"},\"inLanguage\":\"pl-PL\",\"potentialAction\":[{\"@type\":\"ReadAction\",\"target\":[\"https:\\\/\\\/www.personalkontakter.de\\\/invite\\\/\"]}]},{\"@type\":\"BreadcrumbList\",\"@id\":\"https:\\\/\\\/www.personalkontakter.de\\\/invite\\\/#breadcrumb\",\"itemListElement\":[{\"@type\":\"ListItem\",\"position\":1,\"name\":\"Home\",\"item\":\"https:\\\/\\\/www.personalkontakter.de\\\/pl\\\/\"},{\"@type\":\"ListItem\",\"position\":2,\"name\":\"Zaproszenie do sk\u0142adania wniosk\u00f3w\"}]},{\"@type\":\"WebSite\",\"@id\":\"https:\\\/\\\/www.personalkontakter.de\\\/pl\\\/#website\",\"url\":\"https:\\\/\\\/www.personalkontakter.de\\\/pl\\\/\",\"name\":\"Der Personalkontakter\",\"description\":\"Wir denken europ\u00e4isch!\",\"potentialAction\":[{\"@type\":\"SearchAction\",\"target\":{\"@type\":\"EntryPoint\",\"urlTemplate\":\"https:\\\/\\\/www.personalkontakter.de\\\/pl\\\/?s={search_term_string}\"},\"query-input\":{\"@type\":\"PropertyValueSpecification\",\"valueRequired\":true,\"valueName\":\"search_term_string\"}}],\"inLanguage\":\"pl-PL\"}]}<\/script>\n<!-- \/ Yoast SEO plugin. -->","yoast_head_json":{"title":"Zaproszenie do sk\u0142adania wniosk\u00f3w - Der Personalkontakter","description":"Zaproszenie do sk\u0142adania wniosk\u00f3w - Professionelle Agentur f\u00fcr Zeitarbeit in Augsburg \u2714 Wir finden ihr Personal!","robots":{"index":"index","follow":"follow","max-snippet":"max-snippet:-1","max-image-preview":"max-image-preview:large","max-video-preview":"max-video-preview:-1"},"canonical":"https:\/\/www.personalkontakter.de\/invite\/","og_locale":"pl_PL","og_type":"article","og_title":"Zaproszenie do sk\u0142adania wniosk\u00f3w - Der Personalkontakter","og_description":"Zaproszenie do sk\u0142adania wniosk\u00f3w - Professionelle Agentur f\u00fcr Zeitarbeit in Augsburg \u2714 Wir finden ihr Personal!","og_url":"https:\/\/www.personalkontakter.de\/invite\/","og_site_name":"Der Personalkontakter","article_publisher":"http:\/\/www.personalkontaker.de","twitter_card":"summary_large_image","schema":{"@context":"https:\/\/schema.org","@graph":[{"@type":"WebPage","@id":"https:\/\/www.personalkontakter.de\/invite\/","url":"https:\/\/www.personalkontakter.de\/invite\/","name":"Zaproszenie do sk\u0142adania wniosk\u00f3w - Der Personalkontakter","isPartOf":{"@id":"https:\/\/www.personalkontakter.de\/pl\/#website"},"datePublished":"2020-11-19T14:48:25+00:00","description":"Zaproszenie do sk\u0142adania wniosk\u00f3w - Professionelle Agentur f\u00fcr Zeitarbeit in Augsburg \u2714 Wir finden ihr Personal!","breadcrumb":{"@id":"https:\/\/www.personalkontakter.de\/invite\/#breadcrumb"},"inLanguage":"pl-PL","potentialAction":[{"@type":"ReadAction","target":["https:\/\/www.personalkontakter.de\/invite\/"]}]},{"@type":"BreadcrumbList","@id":"https:\/\/www.personalkontakter.de\/invite\/#breadcrumb","itemListElement":[{"@type":"ListItem","position":1,"name":"Home","item":"https:\/\/www.personalkontakter.de\/pl\/"},{"@type":"ListItem","position":2,"name":"Zaproszenie do sk\u0142adania wniosk\u00f3w"}]},{"@type":"WebSite","@id":"https:\/\/www.personalkontakter.de\/pl\/#website","url":"https:\/\/www.personalkontakter.de\/pl\/","name":"Der Personalkontakter","description":"Wir denken europ\u00e4isch!","potentialAction":[{"@type":"SearchAction","target":{"@type":"EntryPoint","urlTemplate":"https:\/\/www.personalkontakter.de\/pl\/?s={search_term_string}"},"query-input":{"@type":"PropertyValueSpecification","valueRequired":true,"valueName":"search_term_string"}}],"inLanguage":"pl-PL"}]}},"_links":{"self":[{"href":"https:\/\/www.personalkontakter.de\/pl\/wp-json\/wp\/v2\/pages\/1880","targetHints":{"allow":["GET"]}}],"collection":[{"href":"https:\/\/www.personalkontakter.de\/pl\/wp-json\/wp\/v2\/pages"}],"about":[{"href":"https:\/\/www.personalkontakter.de\/pl\/wp-json\/wp\/v2\/types\/page"}],"author":[{"embeddable":true,"href":"https:\/\/www.personalkontakter.de\/pl\/wp-json\/wp\/v2\/users\/3"}],"replies":[{"embeddable":true,"href":"https:\/\/www.personalkontakter.de\/pl\/wp-json\/wp\/v2\/comments?post=1880"}],"version-history":[{"count":2,"href":"https:\/\/www.personalkontakter.de\/pl\/wp-json\/wp\/v2\/pages\/1880\/revisions"}],"predecessor-version":[{"id":1883,"href":"https:\/\/www.personalkontakter.de\/pl\/wp-json\/wp\/v2\/pages\/1880\/revisions\/1883"}],"wp:attachment":[{"href":"https:\/\/www.personalkontakter.de\/pl\/wp-json\/wp\/v2\/media?parent=1880"}],"curies":[{"name":"wp","href":"https:\/\/api.w.org\/{rel}","templated":true}]}}